{"id":11977,"date":"2022-01-31T18:46:29","date_gmt":"2022-01-31T09:46:29","guid":{"rendered":"https:\/\/wp.fuso.meelogic.hosting\/?page_id=11977"},"modified":"2025-01-10T08:53:34","modified_gmt":"2025-01-10T07:53:34","slug":"home","status":"publish","type":"page","link":"https:\/\/www.fuso-trucks.be\/de\/","title":{"rendered":"Home"},"content":{"rendered":"<div class=\"wpb-content-wrapper\"><p>[vc_row][vc_column]\n    <div class=\"wpb_content_element highlights\" ><h2 class=\"highlights__title\">STARKE ARGUMENTE. DIE CANTER HIGHLIGHTS.<\/h2><div class=\"highlights__container\">\n        <ul class=\"highlights__slider-for slick-slider\">\n            <li class=\" highlights__list__element\" ><div class=\"highlights__list__element__container\"><div class=\"highlights__list__element__image\"><img decoding=\"async\" class=\"\" src=\"https:\/\/www.fuso-trucks.be\/wp-content\/uploads\/sites\/22\/2022\/08\/home_variabilitaet.jpg\" alt=\"\" \/><\/div><div class=\"highlights__list__element__description wpb_text_column\"><h3><strong>VOLLE VARIABILIT\u00c4T. VIELE M\u00d6GLICHKEITEN INKLUSIVE.<\/strong><\/h3>\n<p>F\u00fcnf Gewichtsklassen, drei Fahrerhaus-Varianten, drei Motoren, sechs Radst\u00e4nde, zahlreiche Aufbaul\u00f6sungen ab Werk, wahlweise Schalt- oder DUONIC\u00ae 2.0-Automatikgetriebe, zuschaltbarer Allradantrieb beim 4&#215;4 und noch vieles mehr \u2013 der Canter hat was zu bieten.<\/p>\n\n                <div class=\"link-container\">\n                    <a href=\"https:\/\/www.fuso-trucks.be\/de\/aufbauten\/\">MEHR ERFAHREN<\/a>\n                <\/div><\/div>\n                <div class=\"highlights__list__element__dots\">\n                  <div class=\"highlights__list__element__dots__icon fuso-icon\"><i class=\"icon-home_variable\"><\/i><\/div>\n                  <div class=\"highlights__list__element__dots__label\"><span>VARIABILIT\u00c4T.<\/span><\/div>\n                <\/div><\/div><\/li><li class=\" highlights__list__element\" ><div class=\"highlights__list__element__container\"><div class=\"highlights__list__element__image\"><img decoding=\"async\" class=\"\" src=\"https:\/\/www.fuso-trucks.be\/wp-content\/uploads\/sites\/22\/2022\/08\/home_nutzlast.jpg\" alt=\"\" \/><\/div><div class=\"highlights__list__element__description wpb_text_column\"><h3><strong>HOHE NUTZLAST. MEHR IST MANCHMAL MEHR.<\/strong><\/h3>\n<p>Der FUSO Canter 7,49-Tonner bietet im direkten Vergleich die gr\u00f6\u00dfte Fahrgestelltragf\u00e4higkeit und damit die h\u00f6chste Nutzlast aller Leicht-Lkw und Vans in der Klasse zwischen 7t und 7,5t zGG auf dem europ\u00e4ischen Markt.<\/p>\n\n                <div class=\"link-container\">\n                    <a href=\"https:\/\/www.fuso-trucks.be\/de\/produkte\/canter\/7-5-tonnen\/\">MEHR ERFAHREN<\/a>\n                <\/div><\/div>\n                <div class=\"highlights__list__element__dots\">\n                  <div class=\"highlights__list__element__dots__icon fuso-icon\"><i class=\"icon-home_load\"><\/i><\/div>\n                  <div class=\"highlights__list__element__dots__label\"><span>NUTZLAST.<\/span><\/div>\n                <\/div><\/div><\/li><li class=\" highlights__list__element\" ><div class=\"highlights__list__element__container\"><div class=\"highlights__list__element__image\"><img decoding=\"async\" class=\"\" src=\"https:\/\/www.fuso-trucks.be\/wp-content\/uploads\/sites\/22\/2022\/08\/home_wendigkeit.jpg\" alt=\"\" \/><\/div><div class=\"highlights__list__element__description wpb_text_column\"><h3><strong>EXTREME WENDIGKEIT.<br \/>\nKOMPAKT KOMMT AN.<\/strong><\/h3>\n<p>Wenn es mal eng zugeht, macht dem Canter in seinem Segment keiner was vor. Mit einem Wendekreis von 10,2 Metern bei einem Radstand von 2500 Millimetern ist der Leicht-Lkw \u00e4hnlich agil wie ein Pkw.<\/p>\n\n                <div class=\"link-container\">\n                    <a href=\"https:\/\/www.fuso-trucks.be\/de\/produkte\/canter\/3-5-tonnen\/\">MEHR ERFAHREN<\/a>\n                <\/div><\/div>\n                <div class=\"highlights__list__element__dots\">\n                  <div class=\"highlights__list__element__dots__icon fuso-icon\"><i class=\"icon-home_agility\"><\/i><\/div>\n                  <div class=\"highlights__list__element__dots__label\"><span>WENDIGKEIT.<\/span><\/div>\n                <\/div><\/div><\/li><li class=\" highlights__list__element\" ><div class=\"highlights__list__element__container\"><div class=\"highlights__list__element__image\"><img decoding=\"async\" class=\"\" src=\"https:\/\/www.fuso-trucks.be\/wp-content\/uploads\/sites\/22\/2022\/08\/home_neuer-canter.jpg\" alt=\"\" \/><\/div><div class=\"highlights__list__element__description wpb_text_column\"><h3>DER NEUE CANTER. DIE N\u00c4CHSTE GENERATION \u00dcBERNIMMT.<\/h3>\n<p>\u00dcberzeugende Sicherheitsfeatures, erh\u00f6hter Komfort und ein attraktives, modernes Design \u2013 die neueste Baureihe des FUSO Canter l\u00e4uft seit Anfang 2022 vom Band.<\/p>\n\n                <div class=\"link-container\">\n                    <a href=\"https:\/\/www.fuso-trucks.be\/de\/produkte\/canter\/\">MEHR ERFAHREN<\/a>\n                <\/div><\/div>\n                <div class=\"highlights__list__element__dots\">\n                  <div class=\"highlights__list__element__dots__icon fuso-icon\"><i class=\"icon-home_new_canter\"><\/i><\/div>\n                  <div class=\"highlights__list__element__dots__label\"><span>NEUER CANTER.<\/span><\/div>\n                <\/div><\/div><\/li><li class=\" highlights__list__element\" ><div class=\"highlights__list__element__container\"><div class=\"highlights__list__element__image\"><img decoding=\"async\" class=\"\" src=\"https:\/\/www.fuso-trucks.be\/wp-content\/uploads\/sites\/22\/2022\/08\/home_ecanter.jpg\" alt=\"\" \/><\/div><div class=\"highlights__list__element__description wpb_text_column\"><h3>DER eCANTER.<br \/>\nZUKUNFT GEHT IN SERIE.<\/h3>\n<p>Der FUSO eCanter ist der erste in Serie produzierte Elektro-Lkw im weltweiten Kundeneinsatz und hat sich als zuverl\u00e4ssig bew\u00e4hrt. Auf insgesamt schon \u00fcber vier Millionen Kilometern \u2013 also mehr als 100 Mal um die Erde \u2013 vollelektrisch angetrieben, lokal emissionsfrei und fl\u00fcsterleise.<\/p>\n\n                <div class=\"link-container\">\n                    <a href=\"https:\/\/www.fuso-trucks.be\/de\/produkte\/ecanter\/\">MEHR ERFAHREN<\/a>\n                <\/div><\/div>\n                <div class=\"highlights__list__element__dots\">\n                  <div class=\"highlights__list__element__dots__icon fuso-icon\"><i class=\"icon-home_ecanter\"><\/i><\/div>\n                  <div class=\"highlights__list__element__dots__label\"><span>eCANTER.<\/span><\/div>\n                <\/div><\/div><\/li><li class=\" highlights__list__element\" ><div class=\"highlights__list__element__container\"><div class=\"highlights__list__element__image\"><img decoding=\"async\" class=\"\" src=\"https:\/\/www.fuso-trucks.be\/wp-content\/uploads\/sites\/22\/2022\/08\/hero_eu-werk-1400x788.jpg\" alt=\"\" \/><\/div><div class=\"highlights__list__element__description wpb_text_column\"><h3>CO2-NEUTRALE PRODUKTION. NACHHALTIGKEIT AB WERK.<\/h3>\n<p>Das FUSO-Werk im portugiesischen Tramagal, die zentrale Produktionsst\u00e4tte aller Canter und eCanter f\u00fcr den europ\u00e4ischen Markt, realisiert im Jahr 2022 eine komplett CO2-neutrale Produktion.<\/p>\n\n                <div class=\"link-container\">\n                    <a href=\"https:\/\/www.fuso-trucks.be\/de\/ueber-fuso\/eu-werk\/\">MEHR ERFAHREN<\/a>\n                <\/div><\/div>\n                <div class=\"highlights__list__element__dots\">\n                  <div class=\"highlights__list__element__dots__icon fuso-icon\"><i class=\"icon-home_co2_neutral\"><\/i><\/div>\n                  <div class=\"highlights__list__element__dots__label\"><span>CO2-NEUTRAL.<\/span><\/div>\n                <\/div><\/div><\/li><li class=\" highlights__list__element\" ><div class=\"highlights__list__element__container\"><div class=\"highlights__list__element__image\"><img decoding=\"async\" class=\"\" src=\"https:\/\/www.fuso-trucks.be\/wp-content\/uploads\/sites\/22\/2022\/08\/home_fuso-at-daimler.jpg\" alt=\"\" \/><\/div><div class=\"highlights__list__element__description wpb_text_column\"><h3>FUSO @ DAIMLER TRUCKS.<br \/>\nBLEIBT IN DER FAMILIE.<\/h3>\n<p>FUSO ist eine Marke der Daimler Truck AG und bietet ein europaweites leistungsstarkes H\u00e4ndler- und Werkstattnetz, eine absolut zuverl\u00e4ssige Ersatzteilversorgung und ein umfangreiches Dienstleistungsangebot \u2013 jahrzehntelange gemeinsame Nutzfahrzeugkompetenz inklusive.<\/p>\n\n                <div class=\"link-container\">\n                    <a href=\"https:\/\/www.fuso-trucks.be\/de\/ueber-fuso\/geschichte\/\" target=\"_blank\">MEHR ERFAHREN<\/a>\n                <\/div><\/div>\n                <div class=\"highlights__list__element__dots\">\n                  <div class=\"highlights__list__element__dots__icon fuso-icon\"><i class=\"icon-home_fuso_daimler_trucks\"><\/i><\/div>\n                  <div class=\"highlights__list__element__dots__label\"><span>FUSO @ DAIMLER TRUCKS.<\/span><\/div>\n                <\/div><\/div><\/li>\n        <\/ul>\n        <ul class=\"highlights__list slick-slider\">\n            <li class=\" highlights__list__element\" ><div class=\"highlights__list__element__container\"><div class=\"highlights__list__element__image\"><img decoding=\"async\" class=\"\" src=\"https:\/\/www.fuso-trucks.be\/wp-content\/uploads\/sites\/22\/2022\/08\/home_variabilitaet.jpg\" alt=\"\" \/><\/div><div class=\"highlights__list__element__description wpb_text_column\"><h3><strong>VOLLE VARIABILIT\u00c4T. VIELE M\u00d6GLICHKEITEN INKLUSIVE.<\/strong><\/h3>\n<p>F\u00fcnf Gewichtsklassen, drei Fahrerhaus-Varianten, drei Motoren, sechs Radst\u00e4nde, zahlreiche Aufbaul\u00f6sungen ab Werk, wahlweise Schalt- oder DUONIC\u00ae 2.0-Automatikgetriebe, zuschaltbarer Allradantrieb beim 4&#215;4 und noch vieles mehr \u2013 der Canter hat was zu bieten.<\/p>\n\n                <div class=\"link-container\">\n                    <a href=\"https:\/\/www.fuso-trucks.be\/de\/aufbauten\/\">MEHR ERFAHREN<\/a>\n                <\/div><\/div>\n                <div class=\"highlights__list__element__dots\">\n                  <div class=\"highlights__list__element__dots__icon fuso-icon\"><i class=\"icon-home_variable\"><\/i><\/div>\n                  <div class=\"highlights__list__element__dots__label\"><span>VARIABILIT\u00c4T.<\/span><\/div>\n                <\/div><\/div><\/li><li class=\" highlights__list__element\" ><div class=\"highlights__list__element__container\"><div class=\"highlights__list__element__image\"><img decoding=\"async\" class=\"\" src=\"https:\/\/www.fuso-trucks.be\/wp-content\/uploads\/sites\/22\/2022\/08\/home_nutzlast.jpg\" alt=\"\" \/><\/div><div class=\"highlights__list__element__description wpb_text_column\"><h3><strong>HOHE NUTZLAST. MEHR IST MANCHMAL MEHR.<\/strong><\/h3>\n<p>Der FUSO Canter 7,49-Tonner bietet im direkten Vergleich die gr\u00f6\u00dfte Fahrgestelltragf\u00e4higkeit und damit die h\u00f6chste Nutzlast aller Leicht-Lkw und Vans in der Klasse zwischen 7t und 7,5t zGG auf dem europ\u00e4ischen Markt.<\/p>\n\n                <div class=\"link-container\">\n                    <a href=\"https:\/\/www.fuso-trucks.be\/de\/produkte\/canter\/7-5-tonnen\/\">MEHR ERFAHREN<\/a>\n                <\/div><\/div>\n                <div class=\"highlights__list__element__dots\">\n                  <div class=\"highlights__list__element__dots__icon fuso-icon\"><i class=\"icon-home_load\"><\/i><\/div>\n                  <div class=\"highlights__list__element__dots__label\"><span>NUTZLAST.<\/span><\/div>\n                <\/div><\/div><\/li><li class=\" highlights__list__element\" ><div class=\"highlights__list__element__container\"><div class=\"highlights__list__element__image\"><img decoding=\"async\" class=\"\" src=\"https:\/\/www.fuso-trucks.be\/wp-content\/uploads\/sites\/22\/2022\/08\/home_wendigkeit.jpg\" alt=\"\" \/><\/div><div class=\"highlights__list__element__description wpb_text_column\"><h3><strong>EXTREME WENDIGKEIT.<br \/>\nKOMPAKT KOMMT AN.<\/strong><\/h3>\n<p>Wenn es mal eng zugeht, macht dem Canter in seinem Segment keiner was vor. Mit einem Wendekreis von 10,2 Metern bei einem Radstand von 2500 Millimetern ist der Leicht-Lkw \u00e4hnlich agil wie ein Pkw.<\/p>\n\n                <div class=\"link-container\">\n                    <a href=\"https:\/\/www.fuso-trucks.be\/de\/produkte\/canter\/3-5-tonnen\/\">MEHR ERFAHREN<\/a>\n                <\/div><\/div>\n                <div class=\"highlights__list__element__dots\">\n                  <div class=\"highlights__list__element__dots__icon fuso-icon\"><i class=\"icon-home_agility\"><\/i><\/div>\n                  <div class=\"highlights__list__element__dots__label\"><span>WENDIGKEIT.<\/span><\/div>\n                <\/div><\/div><\/li><li class=\" highlights__list__element\" ><div class=\"highlights__list__element__container\"><div class=\"highlights__list__element__image\"><img decoding=\"async\" class=\"\" src=\"https:\/\/www.fuso-trucks.be\/wp-content\/uploads\/sites\/22\/2022\/08\/home_neuer-canter.jpg\" alt=\"\" \/><\/div><div class=\"highlights__list__element__description wpb_text_column\"><h3>DER NEUE CANTER. DIE N\u00c4CHSTE GENERATION \u00dcBERNIMMT.<\/h3>\n<p>\u00dcberzeugende Sicherheitsfeatures, erh\u00f6hter Komfort und ein attraktives, modernes Design \u2013 die neueste Baureihe des FUSO Canter l\u00e4uft seit Anfang 2022 vom Band.<\/p>\n\n                <div class=\"link-container\">\n                    <a href=\"https:\/\/www.fuso-trucks.be\/de\/produkte\/canter\/\">MEHR ERFAHREN<\/a>\n                <\/div><\/div>\n                <div class=\"highlights__list__element__dots\">\n                  <div class=\"highlights__list__element__dots__icon fuso-icon\"><i class=\"icon-home_new_canter\"><\/i><\/div>\n                  <div class=\"highlights__list__element__dots__label\"><span>NEUER CANTER.<\/span><\/div>\n                <\/div><\/div><\/li><li class=\" highlights__list__element\" ><div class=\"highlights__list__element__container\"><div class=\"highlights__list__element__image\"><img decoding=\"async\" class=\"\" src=\"https:\/\/www.fuso-trucks.be\/wp-content\/uploads\/sites\/22\/2022\/08\/home_ecanter.jpg\" alt=\"\" \/><\/div><div class=\"highlights__list__element__description wpb_text_column\"><h3>DER eCANTER.<br \/>\nZUKUNFT GEHT IN SERIE.<\/h3>\n<p>Der FUSO eCanter ist der erste in Serie produzierte Elektro-Lkw im weltweiten Kundeneinsatz und hat sich als zuverl\u00e4ssig bew\u00e4hrt. Auf insgesamt schon \u00fcber vier Millionen Kilometern \u2013 also mehr als 100 Mal um die Erde \u2013 vollelektrisch angetrieben, lokal emissionsfrei und fl\u00fcsterleise.<\/p>\n\n                <div class=\"link-container\">\n                    <a href=\"https:\/\/www.fuso-trucks.be\/de\/produkte\/ecanter\/\">MEHR ERFAHREN<\/a>\n                <\/div><\/div>\n                <div class=\"highlights__list__element__dots\">\n                  <div class=\"highlights__list__element__dots__icon fuso-icon\"><i class=\"icon-home_ecanter\"><\/i><\/div>\n                  <div class=\"highlights__list__element__dots__label\"><span>eCANTER.<\/span><\/div>\n                <\/div><\/div><\/li><li class=\" highlights__list__element\" ><div class=\"highlights__list__element__container\"><div class=\"highlights__list__element__image\"><img decoding=\"async\" class=\"\" src=\"https:\/\/www.fuso-trucks.be\/wp-content\/uploads\/sites\/22\/2022\/08\/hero_eu-werk-1400x788.jpg\" alt=\"\" \/><\/div><div class=\"highlights__list__element__description wpb_text_column\"><h3>CO2-NEUTRALE PRODUKTION. NACHHALTIGKEIT AB WERK.<\/h3>\n<p>Das FUSO-Werk im portugiesischen Tramagal, die zentrale Produktionsst\u00e4tte aller Canter und eCanter f\u00fcr den europ\u00e4ischen Markt, realisiert im Jahr 2022 eine komplett CO2-neutrale Produktion.<\/p>\n\n                <div class=\"link-container\">\n                    <a href=\"https:\/\/www.fuso-trucks.be\/de\/ueber-fuso\/eu-werk\/\">MEHR ERFAHREN<\/a>\n                <\/div><\/div>\n                <div class=\"highlights__list__element__dots\">\n                  <div class=\"highlights__list__element__dots__icon fuso-icon\"><i class=\"icon-home_co2_neutral\"><\/i><\/div>\n                  <div class=\"highlights__list__element__dots__label\"><span>CO2-NEUTRAL.<\/span><\/div>\n                <\/div><\/div><\/li><li class=\" highlights__list__element\" ><div class=\"highlights__list__element__container\"><div class=\"highlights__list__element__image\"><img decoding=\"async\" class=\"\" src=\"https:\/\/www.fuso-trucks.be\/wp-content\/uploads\/sites\/22\/2022\/08\/home_fuso-at-daimler.jpg\" alt=\"\" \/><\/div><div class=\"highlights__list__element__description wpb_text_column\"><h3>FUSO @ DAIMLER TRUCKS.<br \/>\nBLEIBT IN DER FAMILIE.<\/h3>\n<p>FUSO ist eine Marke der Daimler Truck AG und bietet ein europaweites leistungsstarkes H\u00e4ndler- und Werkstattnetz, eine absolut zuverl\u00e4ssige Ersatzteilversorgung und ein umfangreiches Dienstleistungsangebot \u2013 jahrzehntelange gemeinsame Nutzfahrzeugkompetenz inklusive.<\/p>\n\n                <div class=\"link-container\">\n                    <a href=\"https:\/\/www.fuso-trucks.be\/de\/ueber-fuso\/geschichte\/\" target=\"_blank\">MEHR ERFAHREN<\/a>\n                <\/div><\/div>\n                <div class=\"highlights__list__element__dots\">\n                  <div class=\"highlights__list__element__dots__icon fuso-icon\"><i class=\"icon-home_fuso_daimler_trucks\"><\/i><\/div>\n                  <div class=\"highlights__list__element__dots__label\"><span>FUSO @ DAIMLER TRUCKS.<\/span><\/div>\n                <\/div><\/div><\/li>\n        <\/ul>\n        <\/div>\n    <\/div>\n[\/vc_column][\/vc_row][vc_row][vc_column]\n                <div class=\"wpb_content_element  fusoeurope-select\" >\n                    <div class=\"select__bg__container\" style = \"background-image: url(https:\/\/www.fuso-trucks.be\/wp-content\/uploads\/sites\/22\/2022\/05\/DC3_4106.jpg)\"><\/div>\n                    <div class=\"select__bg__shadow\"><\/div>\n                    <div class=\"select__container wpb_text_column\">\n                        <h2 class=\"select__title\">BESTE WAHL.<br \/>\nDIE CANTER BRANCHENL\u00d6SUNGEN.<\/h2><p>Als Verteiler auf der letzten Meile mit Waren durch die City? Mit Kies und Steinen auf dem Kipper zur Baustelle?<br \/>\nPlanzen und s\u00e4ckeweise Erde auf der Pritsche f\u00fcr die Gartengestaltung?<br \/>\nMit Wechselaufbau sommers wie winters flexibel im Dienste der Kommune? Eine andere logistische Herausforderung?<br \/>\nGanz egal, der Canter macht (fast) jeden Job.<\/p>\n                        <div class=\"select__wrapper\">\n                            <div class=\"select__label\">Jetzt passenden Canter finden<\/div>\n                            <div class=\"select__list hide\">\n                    <div class=\"select__list__group\">\n                        <div class=\"select__list__group__label\">Verteilerverkehr<\/div>\n                        <a class=\"select__list_option\" href=\"https:\/\/www.fuso-trucks.be\/de\/branchen\/verteilerverkehr\/\">z.B. K\u00fchltransport, Getr\u00e4nkedistribution, St\u00fcckguttransport, Paket- und Kurierdienst, Volumentransport<\/a>\n                    <\/div>\n                    <div class=\"select__list__group\">\n                        <div class=\"select__list__group__label\">Baubranche<\/div>\n                        <a class=\"select__list_option\" href=\"https:\/\/www.fuso-trucks.be\/de\/branchen\/bauverkehr\/\">z.B. Baustofftransport, Sch\u00fcttguttransport, Containertransport, Baustelleneinsatz mit Krananwendung, Traktionsanwendung 4x4, Hubsteiger, Arbeitsb\u00fchne<\/a>\n                    <\/div>\n                    <div class=\"select__list__group\">\n                        <div class=\"select__list__group__label\">Garten- und Landschaftsbau<\/div>\n                        <a class=\"select__list_option\" href=\"https:\/\/www.fuso-trucks.be\/de\/branchen\/garten-und-landschaftsbau\/\">z.B. Gartengestaltung, Gr\u00fcnanlagenpflege, Steinmetz<\/a>\n                    <\/div>\n                    <div class=\"select__list__group\">\n                        <div class=\"select__list__group__label\">Kommunaleinsatz<\/div>\n                        <a class=\"select__list_option\" href=\"https:\/\/www.fuso-trucks.be\/de\/branchen\/kommunaleinsatz\/\">z.B. Stra\u00dfenunterhaltung, Winterdienst, M\u00fcllsammlung, Entsorgungsbetriebe, Stadtreinigung mit Kehrmaschine, Mannschaftstransport DoKa, Feuerwehreinsatz<\/a>\n                    <\/div>\n                            <\/div>\n                        <\/div>\n                    <\/div>\n                <\/div>[\/vc_column][\/vc_row][vc_row][vc_column]\n                <div class=\"fusoeurope-text-image wpb_content_element bg--grey item--image--top \" >\n                    <div class=\"item item--image\">\n                        <img decoding=\"async\" class=\"layout-cover\" src=\"https:\/\/www.fuso-trucks.be\/wp-content\/uploads\/sites\/22\/2022\/09\/FUSO_22c32184_Small-1400x933.jpg\" alt=\"\" \/>\n                    <\/div>\n                    <div class=\"item item--text wpb_text_column\">\n                        <h2 class=\"styles__Root-sc-15iyh5a-0 ezamoy sc-bwzfXH ilZGwB styles__Root-sc-1myek4t-0 llcYES\">SOLIDE GRUNDLAGE.<br \/>\nDIE CANTER AUFBAUFREUNDLICHKEIT.<\/h2>\n<p>Als variables Fahrgestell mit sechs verschiedenen Radst\u00e4nden ist der FUSO Canter die ideale Basis f\u00fcr nahezu jeden Aufbau. Sein robuster Leiterrahmen aus Stahl bietet dank der Ausf\u00fchrung als C-Profil eine besonders hohe Tragf\u00e4higkeit. Das detaillierte Lochbild des Rahmens macht ihn \u00e4u\u00dferst aufbaufreundlich und FUSO arbeitet eng mit allen g\u00e4ngigen Aufbauherstellen zusammen. Besonders schnelle Verf\u00fcgbarkeit bieten dar\u00fcber hinaus die Canter Werksaufbauten f\u00fcr Pritsche und Kipper.<\/p>\n\n                        <div class=\"link-container link-as-button\">\n                            <a href=\"https:\/\/www.fuso-trucks.be\/de\/aufbauten\/\" class=\"read_more_button\">MEHR ERFAHREN<\/a>\n                        <\/div>\n                    <\/div>\n                <\/div>[\/vc_column][\/vc_row][vc_row full_width=&#8221;stretch_row&#8221; el_class=&#8221;dealermap&#8221;][vc_column][vc_column_text]<\/p>\n<h2><span style=\"color: #ffffff;\"><strong>ERSTE ADRESSE.<\/strong><\/span><br \/>\n<span style=\"color: #ffffff;\"><strong>DAS CANTER H\u00c4NDLER- UND WERKSTATTNETZWERK.<\/strong><\/span><\/h2>\n<p><span style=\"color: #ffffff;\">Der FUSO Canter ist ein Produkt der Daimler Truck AG und in 32 europ\u00e4ischen L\u00e4ndern verf\u00fcgbar.<\/span><br \/>\n<span style=\"color: #ffffff;\">Europaweit \u00fcber 800 St\u00fctzpunkte des Mercedes-Benz Servicenetzwerks bieten mit Beratung,<\/span><br \/>\n<span style=\"color: #ffffff;\">Verkauf, Wartung und Reparatur alle Services rund um den Canter in h\u00f6chster Qualit\u00e4t.<\/span>[\/vc_column_text][vc_column_text]\r\n            \r\n            \r\n            \r\n            <a name='map1'><\/a>\r\n            <div class='wpgmza-marker-listing-category-filter' data-map-id='1' id='wpgmza_filter_1' style='text-align:left; margin-bottom:0px;'><span>Filter by<\/span><select mid=\"1\" id=\"wpgmza_filter_select\" name=\"wpgmza_filter_select\"><option value=\"0\">Leistung<\/option><option value=\"1\">&nbsp;Sales Canter<\/option><option value=\"5\">&nbsp;Sales eCanter<\/option><option value=\"2\">&nbsp;Service Canter<\/option><option value=\"4\">&nbsp;Service eCanter<\/option><\/select><\/div>\r\n            \r\n            <div class=\"wpgmza-store-locator wpgmza_sl_main_div\" data-id=\"1\">\r\n\t<div class=\"wpgmza-address-container wpgmza-form-field wpgmza_sl_query_div\">\r\n\t\t<label class=\"wpgmza-address wpgmza-form-field__label wpgmza-form-field__label--float\" data-name=\"addressLabel\" for=\"addressInput_1\">ZIP \/ Address:<\/label>\r\n\t\t<input class=\"wpgmza-address addressInput\" type=\"text\" placeholder=\"PLZ oder Stadt\" autocomplete=\"off\" data-name=\"defaultAddress\" value=\"\" id=\"addressInput_1\" size=\"20\" aria-label=\"ZIP \/ Address:\">\r\n\t<\/div>\r\n\t\r\n\t<div class=\"wpgmza-radius-container wpgmza-form-field wpgmza_sl_radius_div wpgmza-clearfix\">\r\n\t\t<label class=\"wpgmza-radius wpgmza-form-field__label wpgmza-form-field__label--float\" for=\"radiusSelect_1\">\r\n\t\t\tRadius:\t\t<\/label>\r\n\t\t<select class=\"wpgmza-radius wpgmza-form-field__input wpgmza_sl_radius_select\" id=\"radiusSelect_1\" aria-label=\"Radius:\"><option class=\"wpgmza-radius wpgmza_sl_select_option\" value=\"1\">1km<\/option><option class=\"wpgmza-radius wpgmza_sl_select_option\" value=\"5\">5km<\/option><option class=\"wpgmza-radius wpgmza_sl_select_option\" value=\"10\" selected>10km<\/option><option class=\"wpgmza-radius wpgmza_sl_select_option\" value=\"25\">25km<\/option><option class=\"wpgmza-radius wpgmza_sl_select_option\" value=\"50\">50km<\/option><option class=\"wpgmza-radius wpgmza_sl_select_option\" value=\"75\">75km<\/option><option class=\"wpgmza-radius wpgmza_sl_select_option\" value=\"100\">100km<\/option><option class=\"wpgmza-radius wpgmza_sl_select_option\" value=\"150\">150km<\/option><option class=\"wpgmza-radius wpgmza_sl_select_option\" value=\"200\">200km<\/option><option class=\"wpgmza-radius wpgmza_sl_select_option\" value=\"300\">300km<\/option><\/select>\r\n\t<\/div>\r\n\t\r\n\t<div class=\"wpgmza-search wpgmza_sl_search_button_div\"><input class=\"wpgmza-search wpgmza_sl_search_button_1\" value=\"Suchen\" type=\"button\" onclick=\"searchLocations(1)\" mid=\"1\"><\/div>\r\n\t\r\n\t<div class=\"wpgmza-reset wpgmza_sl_reset_button_div\">\r\n\t<input class=\"wpgmza-reset wpgmza_sl_reset_button_1\" type=\"button\" value=\"Reset\" mid=\"1\" onclick=\"resetLocations(1)\">\r\n<\/div><div class=\"wpgmza-no-results wpgmza-not-found-msg js-not-found-msg\" style=\"display: none;\">\r\n\t\t<p data-name=\"notFoundMessage\">No results found in this location. Please try again.<\/p>\r\n\t<\/div>\r\n<\/div>\r\n            \r\n            <div class=\"wpgmza_map \"  id=\"wpgmza_map_1\" style=\"display:block; overflow:auto; width:100%; height:600px; float:left;\" data-settings='{\"id\":\"1\",\"map_title\":\"Belgi\\u00eb\",\"map_width\":\"100\",\"map_height\":\"600\",\"map_start_lat\":\"50.57754375804764\",\"map_start_lng\":\"4.514311845543744\",\"map_start_location\":\"45.950464398418106,-109.81550500000003\",\"map_start_zoom\":\"7\",\"default_marker\":\"\",\"type\":\"1\",\"alignment\":\"4\",\"directions_enabled\":\"0\",\"styling_enabled\":\"0\",\"styling_json\":\"\",\"active\":\"0\",\"kml\":\"\",\"bicycle\":\"0\",\"traffic\":\"0\",\"dbox\":\"1\",\"dbox_width\":\"\",\"listmarkers\":\"0\",\"listmarkers_advanced\":\"0\",\"filterbycat\":\"1\",\"ugm_enabled\":\"0\",\"ugm_category_enabled\":\"0\",\"fusion\":\"\",\"map_width_type\":\"%\",\"map_height_type\":\"px\",\"mass_marker_support\":\"2\",\"ugm_access\":\"0\",\"order_markers_by\":\"7\",\"order_markers_choice\":\"1\",\"show_user_location\":\"0\",\"default_to\":\"\",\"other_settings\":{\"map_type\":1,\"sl_stroke_color\":\"#000000\",\"sl_fill_color\":\"#000000\",\"sl_stroke_opacity\":\"\",\"sl_fill_opacity\":\"\",\"transport_layer\":false,\"action\":\"wpgmza_save_map\",\"redirect_to\":\"\\\/wp-admin\\\/admin-post.php\",\"map_id\":\"1\",\"http_referer\":\"\\\/wp-admin\\\/admin.php?page=wp-google-maps-menu&amp;amp;action=edit&amp;amp;map_id=1\",\"wpgmza_id\":\"1\",\"wpgmza_start_location\":\"50.57754375804764,4.514311845543744\",\"wpgmza_start_zoom\":\"7\",\"store_locator_enabled\":true,\"store_locator_search_area\":\"radial\",\"wpgmza_store_locator_radius_style\":\"legacy\",\"wpgmza_store_locator_default_radius\":\"100\",\"store_locator_auto_area_max_zoom\":\"\",\"store_locator_distance\":false,\"wpgmza_store_locator_position\":false,\"store_locator_show_distance\":false,\"store_locator_category\":false,\"wpgmza_store_locator_use_their_location\":false,\"wpgmza_store_locator_bounce\":false,\"wpgmza_sl_animation\":\"0\",\"wpgmza_store_locator_hide_before_search\":false,\"store_locator_query_string\":\"\",\"store_locator_default_address\":\"\",\"store_locator_name_search\":false,\"store_locator_name_string\":\"\",\"store_locator_not_found_message\":\"\",\"wpgmza_map_align\":\"1\",\"jump_to_nearest_marker_on_initialization\":false,\"automatically_pan_to_users_location\":false,\"override_users_location_zoom_level\":false,\"override_users_location_zoom_levels\":\"\",\"show_distance_from_location\":false,\"map_max_zoom\":\"21\",\"map_min_zoom\":\"0\",\"click_open_link\":false,\"fit_maps_bounds_to_markers\":false,\"fit_maps_bounds_to_markers_after_filtering\":false,\"hide_point_of_interest\":true,\"wpgmza_zoom_on_marker_click\":false,\"wpgmza_zoom_on_marker_click_slider\":\"\",\"close_infowindow_on_map_click\":false,\"disable_lightbox_images\":false,\"use_Raw_Jpeg_Coordinates\":false,\"disable_polygon_info_windows\":false,\"enable_marker_ratings\":false,\"only_load_markers_within_viewport\":false,\"iw_primary_color\":\"#000000\",\"iw_accent_color\":\"#000000\",\"iw_text_color\":\"#000000\",\"wpgmza_listmarkers_by\":\"4\",\"wpgmza_marker_listing_position\":false,\"zoom_level_on_marker_listing_override\":false,\"zoom_level_on_marker_listing_click\":\"\",\"datatable_no_result_message\":\"\",\"remove_search_box_datables\":false,\"dataTable_pagination_style\":\"default\",\"datatable_search_string\":\"\",\"datatable_result_start\":\"\",\"datatable_result_of\":\"\",\"datatable_result_to\":\"\",\"datatable_result_total\":\"\",\"datatable_result_show\":\"\",\"datatable_result_entries\":\"\",\"wpgmza_savemap\":\"Save Map \\u00bb\",\"wpgmza_dbox_width_type\":\"%\",\"default_from\":\"\",\"directions_behaviour\":\"default\",\"force_google_directions_app\":false,\"directions_route_origin_icon\":\"https:\\\/\\\/wpint.fuso.meelogic.hosting\\\/wp-content\\\/plugins\\\/wp-google-maps\\\/images\\\/spotlight-poi2.png\",\"directions_origin_retina\":false,\"directions_route_destination_icon\":\"https:\\\/\\\/wpint.fuso.meelogic.hosting\\\/wp-content\\\/plugins\\\/wp-google-maps\\\/images\\\/spotlight-poi2.png\",\"directions_destination_retina\":false,\"directions_route_stroke_color\":\"#4f8df5\",\"directions_route_stroke_weight\":\"4\",\"directions_route_stroke_opacity\":\"0.8\",\"directions_fit_bounds_to_route\":false,\"wpgmza_store_locator_restrict\":\"\",\"upload_default_sl_marker\":\"\",\"upload_default_sl_marker_retina\":false,\"retina\":false,\"upload_default_ul_marker\":\"\",\"upload_default_ul_marker_retina\":false,\"enable_advanced_custom_fields_integration\":false,\"enable_toolset_woocommerce_integration\":false,\"shortcodeAttributes\":{\"id\":\"1\"},\"wpgmza_theme\":\"3\",\"wpgmza_theme_data\":\"[{\\\"featureType\\\":\\\"landscape.man_made\\\",\\\"elementType\\\":\\\"geometry\\\",\\\"stylers\\\":[{\\\"color\\\":\\\"#f7f1df\\\"}]},{\\\"featureType\\\":\\\"landscape.natural\\\",\\\"elementType\\\":\\\"geometry\\\",\\\"stylers\\\":[{\\\"color\\\":\\\"#d0e3b4\\\"}]},{\\\"featureType\\\":\\\"landscape.natural.terrain\\\",\\\"elementType\\\":\\\"geometry\\\",\\\"stylers\\\":[{\\\"visibility\\\":\\\"off\\\"}]},{\\\"featureType\\\":\\\"poi\\\",\\\"elementType\\\":\\\"labels\\\",\\\"stylers\\\":[{\\\"visibility\\\":\\\"off\\\"}]},{\\\"featureType\\\":\\\"poi.business\\\",\\\"elementType\\\":\\\"all\\\",\\\"stylers\\\":[{\\\"visibility\\\":\\\"off\\\"}]},{\\\"featureType\\\":\\\"poi.medical\\\",\\\"elementType\\\":\\\"geometry\\\",\\\"stylers\\\":[{\\\"color\\\":\\\"#fbd3da\\\"}]},{\\\"featureType\\\":\\\"poi.park\\\",\\\"elementType\\\":\\\"geometry\\\",\\\"stylers\\\":[{\\\"color\\\":\\\"#bde6ab\\\"}]},{\\\"featureType\\\":\\\"road\\\",\\\"elementType\\\":\\\"geometry.stroke\\\",\\\"stylers\\\":[{\\\"visibility\\\":\\\"off\\\"}]},{\\\"featureType\\\":\\\"road\\\",\\\"elementType\\\":\\\"labels\\\",\\\"stylers\\\":[{\\\"visibility\\\":\\\"off\\\"}]},{\\\"featureType\\\":\\\"road.highway\\\",\\\"elementType\\\":\\\"geometry.fill\\\",\\\"stylers\\\":[{\\\"color\\\":\\\"#ffe15f\\\"}]},{\\\"featureType\\\":\\\"road.highway\\\",\\\"elementType\\\":\\\"geometry.stroke\\\",\\\"stylers\\\":[{\\\"color\\\":\\\"#efd151\\\"}]},{\\\"featureType\\\":\\\"road.arterial\\\",\\\"elementType\\\":\\\"geometry.fill\\\",\\\"stylers\\\":[{\\\"color\\\":\\\"#ffffff\\\"}]},{\\\"featureType\\\":\\\"road.local\\\",\\\"elementType\\\":\\\"geometry.fill\\\",\\\"stylers\\\":[{\\\"color\\\":\\\"black\\\"}]},{\\\"featureType\\\":\\\"transit.station.airport\\\",\\\"elementType\\\":\\\"geometry.fill\\\",\\\"stylers\\\":[{\\\"color\\\":\\\"#cfb2db\\\"}]},{\\\"featureType\\\":\\\"water\\\",\\\"elementType\\\":\\\"geometry\\\",\\\"stylers\\\":[{\\\"color\\\":\\\"#a2daf2\\\"}]}]\",\"polygon_labels\":false,\"wpgmza_push_in_map\":true,\"wpgmza_push_in_map_placement\":\"4\",\"wpgmza_push_in_map_width\":\"30%\",\"wpgmza_push_in_map_height\":\"80%\",\"wpgmza_iw_type\":\"0\",\"marker_listing_component_anchor\":10,\"enable_advanced_custom_fields_integration_type\":\"\",\"enable_woo_product_integration\":false,\"store_locator_location_placeholder\":\"\",\"marker_listing_disable_zoom\":false,\"enable_filter_custom_field_1\":false,\"enable_filter_custom_field_2\":false,\"enable_filter_custom_field_3\":false,\"enable_marker_labels\":false,\"zoom_level_mobile_override_enabled\":false,\"zoom_level_mobile_override\":\"\"}}' data-map-id='1' data-shortcode-attributes='{\"id\":\"1\"}'> <\/div>\r\n            \r\n            <div data-wpgmza-table data-wpgmza-php-class=\"WPGMZA\\MarkerListing\\BasicList\" data-wpgmza-rest-api-route=\"\/marker-listing\/\" data-wpgmza-marker-listing=\"true\" class=\"wpgmza_marker_list_class\" style=\"width:100%;\" data-wpgmza-ajax-parameters='{\"map_id\":\"1\"}' id=\"wpgmza_marker_list_1\"><\/div>   \r\n        [\/vc_column_text][\/vc_column][\/vc_row][vc_row][vc_column]\n                <div class=\"fusoeurope-text-image wpb_content_element  item--image--top \" >\n                    <div class=\"item item--text wpb_text_column\">\n                        <h2 class=\"styles__Root-sc-15iyh5a-0 ezamoy sc-bwzfXH ilZGwB styles__Root-sc-1myek4t-0 llcYES\">VIELE STORIES.<br \/>\nDER CANTER-BLOG.<\/h2>\n<p class=\"styles__Root-sc-15iyh5a-0 ezamoy sc-bwzfXH ilZGwB styles__Root-sc-1myek4t-0 llcYES\">Alles dreht sich um den Canter \u2013 mit interessanten Informationen, spannenden Einblicken und unterhaltsame Geschichten \u00fcber Fahrzeug, Technik und Menschen.<\/p>\n<p>#readytowork #canterstory #canterlife #canteratwork<\/p>\n\n                    <\/div>\n                <\/div>\n    <div class=\"fusoeurope-blog-preview wpb_content_element \" >\n        <div class=\"fusoeurope-blog-preview__row\">           \n            <div class=\"fusoeurope-blog-preview__row-top\">\n                <div class=\"fusoeurope-blog-preview__col-left fusoeurope-blog-preview__col-5\"> \n            <div class=\"fusoeurope-blog-preview__container no-hover\"><a href=\"https:\/\/www.fuso-trucks.be\/de\/blog\/oeffentliche-dienste\/\" title=\"\u00d6ffentliche Dienste\">\n                <div class=\"fusoeurope-blog-preview__container__inner  dark-overlay opacity15\">\n                    <div class=\"fusoeurope-blog-preview__frontsite\">\n                        <div class=\"image\">\n                            <img decoding=\"async\" src=\"https:\/\/www.fuso-trucks.be\/wp-content\/uploads\/sites\/22\/2022\/09\/Blog_Preview_Mu\u0308llfahrzeug_Small.jpg\" alt=\"\" \/>\n                        <\/div>     \n                        <h3 class=\"fusoeurope-blog-preview__label\">\u00d6FFENTLICHE DIENSTE. TECHNISCHE BETRIEBE KONSTANZ SETZEN AUF DEN FLEXIBLEN FUSO CANTER.<\/h3>\n                    <\/div>   \n                    <div class=\"fusoeurope-blog-preview__backsite fusoeurope-blog-preview__description\"><\/div>   \n                <\/div><\/a>\n            <\/div><\/div>\n                <div class=\"fusoeurope-blog-preview__col-right fusoeurope-blog-preview__col-7\"> \n            <div class=\"fusoeurope-blog-preview__container no-hover\"><a href=\"https:\/\/www.fuso-trucks.be\/de\/blog\/letzte-meile\/\" title=\"Zum Artikel\">\n                <div class=\"fusoeurope-blog-preview__container__inner  dark-overlay opacity15\">\n                    <div class=\"fusoeurope-blog-preview__frontsite\">\n                        <div class=\"image\">\n                            <img decoding=\"async\" src=\"https:\/\/www.fuso-trucks.be\/wp-content\/uploads\/sites\/22\/2022\/09\/NEU-2-2000x1255_Small-1400x878.jpg\" alt=\"\" \/>\n                        <\/div>     \n                        <h3 class=\"fusoeurope-blog-preview__label\">LETZTE MEILE. POSTNL BAUT MIT FUSO eCANTER EMISSIONSFREIE CITY LOGISTIK AUS.<\/h3>\n                    <\/div>   \n                    <div class=\"fusoeurope-blog-preview__backsite fusoeurope-blog-preview__description\"><\/div>   \n                <\/div><\/a>\n            <\/div><\/div>\n            <\/div>\n            <div class=\"fusoeurope-blog-preview__row-center\">\n                <div class=\"fusoeurope-blog-preview__col-left fusoeurope-blog-preview__col-7\"> \n            <div class=\"fusoeurope-blog-preview__container no-hover\"><a href=\"https:\/\/www.fuso-trucks.be\/de\/blog\/nachhaltige-bierdose\/\" title=\"Zum Artikel\">\n                <div class=\"fusoeurope-blog-preview__container__inner  dark-overlay opacity15\">\n                    <div class=\"fusoeurope-blog-preview__frontsite\">\n                        <div class=\"image\">\n                            <img decoding=\"async\" src=\"https:\/\/www.fuso-trucks.be\/wp-content\/uploads\/sites\/22\/2022\/09\/NEU-1-2-2000x1331_Small.jpg\" alt=\"\" \/>\n                        <\/div>     \n                        <h3 class=\"fusoeurope-blog-preview__label\">NACHHALTIGE BIERDOSE. DER FUSO eCANTER ALS SPEZIAL-TANKWAGEN F\u00dcR DIE HEINEKEN BRAUEREI.<\/h3>\n                    <\/div>   \n                    <div class=\"fusoeurope-blog-preview__backsite fusoeurope-blog-preview__description\"><\/div>   \n                <\/div><\/a>\n            <\/div><\/div>\n                <div class=\"fusoeurope-blog-preview__col-right fusoeurope-blog-preview__col-5\"> \n            <div class=\"fusoeurope-blog-preview__container no-hover\"><a href=\"https:\/\/www.fuso-trucks.be\/de\/blog\/zukunft-schon-heute\/\" title=\"Zum Artikel\">\n                <div class=\"fusoeurope-blog-preview__container__inner  dark-overlay opacity15\">\n                    <div class=\"fusoeurope-blog-preview__frontsite\">\n                        <div class=\"image\">\n                            <img decoding=\"async\" src=\"https:\/\/www.fuso-trucks.be\/wp-content\/uploads\/sites\/22\/2022\/09\/DSC8204-e1654676725279_Small.jpg\" alt=\"\" \/>\n                        <\/div>     \n                        <h3 class=\"fusoeurope-blog-preview__label\">ZUKUNFT SCHON HEUTE. ERSTE VOLLELEKTRISCHE eCANTER F\u00dcR LOGISTIKER DHL, DB SCHENKER, RHENUS UND DACHSER.<\/h3>\n                    <\/div>   \n                    <div class=\"fusoeurope-blog-preview__backsite fusoeurope-blog-preview__description\"><\/div>   \n                <\/div><\/a>\n            <\/div><\/div>\n            <\/div>\n            <div class=\"fusoeurope-blog-preview__row-bottom\">\n                <div class=\"fusoeurope-blog-preview__col-left fusoeurope-blog-preview__col-5\"> \n            <div class=\"fusoeurope-blog-preview__container no-hover\"><a href=\"https:\/\/www.fuso-trucks.be\/de\/blog\/gruener-daumen-hoch\/\" title=\"Zum Artikel\">\n                <div class=\"fusoeurope-blog-preview__container__inner  dark-overlay\">\n                    <div class=\"fusoeurope-blog-preview__frontsite\">\n                        <div class=\"image\">\n                            <img decoding=\"async\" src=\"https:\/\/www.fuso-trucks.be\/wp-content\/uploads\/sites\/22\/2022\/09\/neu_landschaft_Small.jpg\" alt=\"\" \/>\n                        <\/div>     \n                        <h3 class=\"fusoeurope-blog-preview__label\">GR\u00dcNER DAUMEN HOCH. DER FUSO CANTER \u00dcBERZEUGT DIE GALABAU-PROFIS DER SCHELLHEIMER GMBH.<\/h3>\n                    <\/div>   \n                    <div class=\"fusoeurope-blog-preview__backsite fusoeurope-blog-preview__description\"><\/div>   \n                <\/div><\/a>\n            <\/div><\/div>\n                <div class=\"fusoeurope-blog-preview__col-right fusoeurope-blog-preview__col-7\"> \n            <div class=\"fusoeurope-blog-preview__container no-hover\"><a href=\"https:\/\/www.fuso-trucks.be\/de\/blog\/canter-im-detail\/\" title=\"Zum Artikel\">\n                <div class=\"fusoeurope-blog-preview__container__inner  dark-overlay\">\n                    <div class=\"fusoeurope-blog-preview__frontsite\">\n                        <div class=\"image\">\n                            <img decoding=\"async\" src=\"https:\/\/www.fuso-trucks.be\/wp-content\/uploads\/sites\/22\/2022\/09\/blog_genau_genommen.jpg\" alt=\"\" \/>\n                        <\/div>     \n                        <h3 class=\"fusoeurope-blog-preview__label\">GENAU GENOMMEN. FUSO EUROPE UND DER CANTER IM DETAIL.<\/h3>\n                    <\/div>   \n                    <div class=\"fusoeurope-blog-preview__backsite fusoeurope-blog-preview__description\"><\/div>   \n                <\/div><\/a>\n            <\/div><\/div>\n            <\/div>\n        <\/div>\n    <\/div>\n                <div class=\"fusoeurope-button wpb_content_element \" >\n                <div class=\"link-container\">\n                    <a href=\"https:\/\/www.fuso-trucks.be\/de\/blog\/\">HIER GEHT ES ZUM CANTER-BLOG<\/a>\n                <\/div>\n    <\/div>[\/vc_column][\/vc_row][vc_row][vc_column]\n                <div class=\"fusoeurope-text-image wpb_content_element  item--image--top \" >\n                    <div class=\"item item--text wpb_text_column\">\n                        <h2><b>ZUVERL\u00c4SSIGE QUALIT\u00c4T.<br \/>\n<\/b><b>DIE CANTER ERSATZTEILE.<\/b><\/h2>\n\n                    <\/div>\n                <\/div>[vc_basic_grid post_type=&#8221;part&#8221; max_items=&#8221;4&#8243; element_width=&#8221;3&#8243; gap=&#8221;25&#8243; orderby=&#8221;meta_value&#8221; order=&#8221;ASC&#8221; item=&#8221;14299&#8243; grid_id=&#8221;vc_gid:1662556320928-31e7d9ad-30db-1&#8243; taxonomies=&#8221;108&#8243; el_class=&#8221;part-bg&#8221; meta_key=&#8221;order_no&#8221;]\n                <div class=\"fusoeurope-button wpb_content_element \" >\n                <div class=\"link-container\">\n                    <a href=\"https:\/\/www.fuso-trucks.be\/de\/teile-zubehoer\/fuso-originalteile\/\">ALLE ERSATZTEILE ANZEIGEN<\/a>\n                <\/div>\n    <\/div>[\/vc_column][\/vc_row][vc_row][vc_column]\n                <div class=\"fusoeurope-text-image wpb_content_element  item--image--top \" >\n                    <div class=\"item item--text wpb_text_column\">\n                        <h2><b>EIGENE SACHE. DAS WAS FUSO AUSMACHT.<\/b><\/h2>\n<h3><b>BEREIT SEIN. WANN IMMER ES DARAUF<\/b> <b>ANKOMMT.<\/b><\/h3>\n<p><span style=\"font-weight: 400;\">Auf der \u201eLetzten Meile\u201c l\u00e4uft ohne Lkw so gut wie nichts. Keiner wei\u00df das besser als die Kunden von FUSO. Schlie\u00dflich sind die Citylogistik und die vielen andere Transportaufgaben im urbanen Raum genau ihr Job. FUSO ist bereit, sie dabei zu unterst\u00fctzen, wann immer es darauf ankommt.\u00a0<\/span><\/p>\n<p><span style=\"font-weight: 400;\">Heute im allt\u00e4glichen Einsatz mit dem FUSO Canter und allen Services, die FUSO als eine Marke der Daimler Truck AG auszeichnen. Aber auch morgen und \u00fcbermorgen. Durch verantwortungsvolles und nachhaltiges Handeln, durch das Entwickeln und Vorantreiben neuer Technologien und dadurch immer ein St\u00fcck weiter zu denken.<\/span><\/p>\n\n                    <\/div>\n                <\/div>\n    <div class=\"wpb_content_element fusoeurope-collapsible\" >\n        <div class=\"fusoeurope-collapsible__content\">\n            \n                <div class=\"fusoeurope-text-image wpb_content_element  item--image--top \" >\n                    <div class=\"item item--text wpb_text_column\">\n                        <p><span style=\"font-weight: 400;\">Denn der Bedarf an Transport nahm in den vergangenen Jahrzehnten st\u00e4ndig zu und wird Studien zufolge noch weiterwachsen. Die moderne Gesellschaft und die meisten ihrer Errungenschaften sind untrennbar mit funktionierenden Lieferketten verbunden. Die Logistik vielf\u00e4ltigster Rohstoffe und der Transport der daraus hergestellten Produkte sind essenziell f\u00fcr die Versorgung Aller. Der Lkw ist dabei ein unverzichtbares Bindeglied.<\/span><\/p>\n<h3><b>NACHHALTIGE VER\u00c4NDERUNG. FUSO UNTERST\u00dcTZT KUNDEN DABEI.\u00a0<\/b><\/h3>\n<p><span style=\"font-weight: 400;\">Gleichzeitig w\u00e4chst mehr und mehr das Bewusstsein daf\u00fcr, dass ein gutes Leben f\u00fcr kommende Generationen ma\u00dfgeblich davon abh\u00e4ngt, welche Entscheidungen die Menschen von heute treffen. Den strukturellen Wandel im Bereich Transport mit unternehmerischer Weitsicht und Mut zur Ver\u00e4nderung so zu gestalten, dass er langfristig wirtschaftlich, effizient und ressourcenschonend zugleich sein kann, das ist die gro\u00dfe Herausforderung f\u00fcr die Kunden von FUSO \u2013 und deshalb auch die von FUSO.<\/span><\/p>\n<p><span style=\"font-weight: 400;\">Als Teil der Daimler Truck AG ist FUSO einer der gr\u00f6\u00dften Nutzfahrzeughersteller in Asien mit Niederlassungen in 150 L\u00e4ndern auf f\u00fcnf Kontinenten. FUSO ist eine Weltmarke und hat dennoch die individuellen Bed\u00fcrfnisse und Anforderungen seiner Kunden ganz genau im Blick. Egal, ob es sich dabei um den Betreiber einer gro\u00dfen Flotte handelt oder um den Einzelunternehmer mit nur einem Fahrzeug.\u00a0<\/span><\/p>\n<h3><b>EMISSIONSFREIES FAHREN. FUSO STEHT F\u00dcR INNOVATION.<\/b><\/h3>\n<p><span style=\"font-weight: 400;\">Durch den Canter, den einzigen Leicht-Lkw im Daimler Truck Konzernportfolio, kann FUSO seinen Kunden eine \u00e4u\u00dferst variable, flexible und zuverl\u00e4ssige L\u00f6sung f\u00fcr nahezu alle Einsatzzwecke anbieten. Darauf k\u00f6nnen sich FUSO Kunden verlassen und das bleibt auch in Zukunft so.<\/span><\/p>\n<p><span style=\"font-weight: 400;\">Der FUSO Canter Eco-Hybrid, der erste serienm\u00e4\u00dfig produzierte Hybrid-Leicht-Lkw in Europa, machte den Anfang. Mit dem FUSO eCanter, dem ersten ebenfalls in Serie produzierten, vollelektrisch angetriebenen E-Lkw, geht FUSO den n\u00e4chsten Schritt auf dem Weg zum emissionsfreien Fahren.\u00a0<\/span><\/p>\n<p>&nbsp;<\/p>\n<p style=\"text-align: right;\"><span style=\"font-weight: 400;\">FUSO ist bereit. Wann immer es darauf ankommt.<\/span><\/p>\n\n                    <\/div>\n                <\/div>\n        <\/div>\n        <div class=\"fusoeurope-collapsible__button\">\n            <button type=\"button\">\n                <span class=\"fusoeurope-collapsible__button__more\">\n                    <span>MEHR ANZEIGEN<\/span>\n                    <i class=\"icon-chevron-down\"><\/i>\n                <\/span>\n                <span class=\"fusoeurope-collapsible__button__less\">\n                    <span>WENIGER ANZEIGEN<\/span>\n                    <i class=\"icon-chevron-up\"><\/i>\n                <\/span>\n            <\/button>\n        <\/div>\n    <\/div>\n[\/vc_column][\/vc_row]<\/p>\n<\/div>","protected":false},"excerpt":{"rendered":"<\/p>\n","protected":false},"author":44,"featured_media":0,"parent":0,"menu_order":0,"comment_status":"closed","ping_status":"closed","template":"templates\/template-default-hero.php","meta":{"_acf_changed":false,"footnotes":""},"class_list":["post-11977","page","type-page","status-publish","hentry"],"acf":[],"yoast_head":"<!-- This site is optimized with the Yoast SEO plugin v27.5 - https:\/\/yoast.com\/product\/yoast-seo-wordpress\/ -->\n<title>FUSO Trucks Belgien<\/title>\n<meta name=\"description\" content=\"FUSO Trucks Belgien \u2713 Ein integraler Bestandteil von Daimler Trucks \u2713 Starke Argumente \u2713 Der Canter &amp; eCanter \u2713 Ready to Work \u2713 \u25b6\ufe0e Jetzt mehr erfahren!\" \/>\n<meta name=\"robots\" content=\"index, follow, max-snippet:-1, max-image-preview:large, max-video-preview:-1\" \/>\n<link rel=\"canonical\" href=\"https:\/\/www.fuso-trucks.be\/de\/\" \/>\n<meta property=\"og:locale\" content=\"de_DE\" \/>\n<meta property=\"og:type\" content=\"article\" \/>\n<meta property=\"og:title\" content=\"FUSO Trucks Belgien\" \/>\n<meta property=\"og:description\" content=\"FUSO Trucks Belgien \u2713 Ein integraler Bestandteil von Daimler Trucks \u2713 Starke Argumente \u2713 Der Canter &amp; eCanter \u2713 Ready to Work \u2713 \u25b6\ufe0e Jetzt mehr erfahren!\" \/>\n<meta property=\"og:url\" content=\"https:\/\/www.fuso-trucks.be\/de\/\" \/>\n<meta property=\"og:site_name\" content=\"FUSO Trucks BE\" \/>\n<meta property=\"article:modified_time\" content=\"2025-01-10T07:53:34+00:00\" \/>\n<meta name=\"twitter:card\" content=\"summary_large_image\" \/>\n<meta name=\"twitter:label1\" content=\"Est. reading time\" \/>\n\t<meta name=\"twitter:data1\" content=\"5 minutes\" \/>\n<script type=\"application\/ld+json\" class=\"yoast-schema-graph\">{\"@context\":\"https:\\\/\\\/schema.org\",\"@graph\":[{\"@type\":\"WebPage\",\"@id\":\"https:\\\/\\\/www.fuso-trucks.be\\\/de\\\/\",\"url\":\"https:\\\/\\\/www.fuso-trucks.be\\\/de\\\/\",\"name\":\"FUSO Trucks Belgien\",\"isPartOf\":{\"@id\":\"https:\\\/\\\/www.fuso-trucks.be\\\/de\\\/#website\"},\"datePublished\":\"2022-01-31T09:46:29+00:00\",\"dateModified\":\"2025-01-10T07:53:34+00:00\",\"description\":\"FUSO Trucks Belgien \u2713 Ein integraler Bestandteil von Daimler Trucks \u2713 Starke Argumente \u2713 Der Canter & eCanter \u2713 Ready to Work \u2713 \u25b6\ufe0e Jetzt mehr erfahren!\",\"breadcrumb\":{\"@id\":\"https:\\\/\\\/www.fuso-trucks.be\\\/de\\\/#breadcrumb\"},\"inLanguage\":\"de-BE\",\"potentialAction\":[{\"@type\":\"ReadAction\",\"target\":[\"https:\\\/\\\/www.fuso-trucks.be\\\/de\\\/\"]}]},{\"@type\":\"BreadcrumbList\",\"@id\":\"https:\\\/\\\/www.fuso-trucks.be\\\/de\\\/#breadcrumb\",\"itemListElement\":[{\"@type\":\"ListItem\",\"position\":1,\"name\":\"Home\",\"item\":\"https:\\\/\\\/www.fuso-trucks.be\\\/de\\\/\"},{\"@type\":\"ListItem\",\"position\":2,\"name\":\"Home\"}]},{\"@type\":\"WebSite\",\"@id\":\"https:\\\/\\\/www.fuso-trucks.be\\\/de\\\/#website\",\"url\":\"https:\\\/\\\/www.fuso-trucks.be\\\/de\\\/\",\"name\":\"FUSO Trucks BE\",\"description\":\"Mitsubishi Fuso Truck and Bus Corporation\",\"potentialAction\":[{\"@type\":\"SearchAction\",\"target\":{\"@type\":\"EntryPoint\",\"urlTemplate\":\"https:\\\/\\\/www.fuso-trucks.be\\\/de\\\/?s={search_term_string}\"},\"query-input\":{\"@type\":\"PropertyValueSpecification\",\"valueRequired\":true,\"valueName\":\"search_term_string\"}}],\"inLanguage\":\"de-BE\"}]}<\/script>\n<!-- \/ Yoast SEO plugin. -->","yoast_head_json":{"title":"FUSO Trucks Belgien","description":"FUSO Trucks Belgien \u2713 Ein integraler Bestandteil von Daimler Trucks \u2713 Starke Argumente \u2713 Der Canter & eCanter \u2713 Ready to Work \u2713 \u25b6\ufe0e Jetzt mehr erfahren!","robots":{"index":"index","follow":"follow","max-snippet":"max-snippet:-1","max-image-preview":"max-image-preview:large","max-video-preview":"max-video-preview:-1"},"canonical":"https:\/\/www.fuso-trucks.be\/de\/","og_locale":"de_DE","og_type":"article","og_title":"FUSO Trucks Belgien","og_description":"FUSO Trucks Belgien \u2713 Ein integraler Bestandteil von Daimler Trucks \u2713 Starke Argumente \u2713 Der Canter & eCanter \u2713 Ready to Work \u2713 \u25b6\ufe0e Jetzt mehr erfahren!","og_url":"https:\/\/www.fuso-trucks.be\/de\/","og_site_name":"FUSO Trucks BE","article_modified_time":"2025-01-10T07:53:34+00:00","twitter_card":"summary_large_image","twitter_misc":{"Est. reading time":"5 minutes"},"schema":{"@context":"https:\/\/schema.org","@graph":[{"@type":"WebPage","@id":"https:\/\/www.fuso-trucks.be\/de\/","url":"https:\/\/www.fuso-trucks.be\/de\/","name":"FUSO Trucks Belgien","isPartOf":{"@id":"https:\/\/www.fuso-trucks.be\/de\/#website"},"datePublished":"2022-01-31T09:46:29+00:00","dateModified":"2025-01-10T07:53:34+00:00","description":"FUSO Trucks Belgien \u2713 Ein integraler Bestandteil von Daimler Trucks \u2713 Starke Argumente \u2713 Der Canter & eCanter \u2713 Ready to Work \u2713 \u25b6\ufe0e Jetzt mehr erfahren!","breadcrumb":{"@id":"https:\/\/www.fuso-trucks.be\/de\/#breadcrumb"},"inLanguage":"de-BE","potentialAction":[{"@type":"ReadAction","target":["https:\/\/www.fuso-trucks.be\/de\/"]}]},{"@type":"BreadcrumbList","@id":"https:\/\/www.fuso-trucks.be\/de\/#breadcrumb","itemListElement":[{"@type":"ListItem","position":1,"name":"Home","item":"https:\/\/www.fuso-trucks.be\/de\/"},{"@type":"ListItem","position":2,"name":"Home"}]},{"@type":"WebSite","@id":"https:\/\/www.fuso-trucks.be\/de\/#website","url":"https:\/\/www.fuso-trucks.be\/de\/","name":"FUSO Trucks BE","description":"Mitsubishi Fuso Truck and Bus Corporation","potentialAction":[{"@type":"SearchAction","target":{"@type":"EntryPoint","urlTemplate":"https:\/\/www.fuso-trucks.be\/de\/?s={search_term_string}"},"query-input":{"@type":"PropertyValueSpecification","valueRequired":true,"valueName":"search_term_string"}}],"inLanguage":"de-BE"}]}},"_links":{"self":[{"href":"https:\/\/www.fuso-trucks.be\/de\/wp-json\/wp\/v2\/pages\/11977","targetHints":{"allow":["GET"]}}],"collection":[{"href":"https:\/\/www.fuso-trucks.be\/de\/wp-json\/wp\/v2\/pages"}],"about":[{"href":"https:\/\/www.fuso-trucks.be\/de\/wp-json\/wp\/v2\/types\/page"}],"author":[{"embeddable":true,"href":"https:\/\/www.fuso-trucks.be\/de\/wp-json\/wp\/v2\/users\/44"}],"replies":[{"embeddable":true,"href":"https:\/\/www.fuso-trucks.be\/de\/wp-json\/wp\/v2\/comments?post=11977"}],"version-history":[{"count":221,"href":"https:\/\/www.fuso-trucks.be\/de\/wp-json\/wp\/v2\/pages\/11977\/revisions"}],"predecessor-version":[{"id":28161,"href":"https:\/\/www.fuso-trucks.be\/de\/wp-json\/wp\/v2\/pages\/11977\/revisions\/28161"}],"wp:attachment":[{"href":"https:\/\/www.fuso-trucks.be\/de\/wp-json\/wp\/v2\/media?parent=11977"}],"curies":[{"name":"wp","href":"https:\/\/api.w.org\/{rel}","templated":true}]}}