{"id":21273,"date":"2022-10-24T14:46:51","date_gmt":"2022-10-24T12:46:51","guid":{"rendered":"https:\/\/ch.fuso-trucks.de\/superstructures\/"},"modified":"2023-02-08T19:49:57","modified_gmt":"2023-02-08T18:49:57","slug":"superstructures","status":"publish","type":"page","link":"https:\/\/www.fuso-trucks.be\/fr\/superstructures\/","title":{"rendered":"Superstructures"},"content":{"rendered":"<div class=\"wpb-content-wrapper\"><p>[vc_row][vc_column][vc_column_text el_class=\u00a0\u00bbcentered bigger\u00a0\u00bb]<\/p>\n<h2>UNE BASE SOLIDE.<br \/>\nLES POSSIBILIT\u00c9S DE MONTAGE CANTER..<\/h2>\n<p>[\/vc_column_text][vc_column_text]FUSO travaille actuellement avec plus de 300 fabricants de carrosseries de renom dans toute l&rsquo;Europe. Gr\u00e2ce \u00e0 sa variabilit\u00e9 avec cinq tonnages et six empattements diff\u00e9rents, le Canter convient \u00e0 presque toutes les superstructures et peut r\u00e9pondre aux exigences de presque tous les domaines d&rsquo;application et de toutes les t\u00e2ches de transport. Du simple plateau au v\u00e9hicule sp\u00e9cial complexe.<\/p>\n<p>Le robuste cadre-\u00e9chelle en acier du ch\u00e2ssis est, comme pour les poids lourds, con\u00e7u comme un profil\u00e9 en C et offre ainsi une capacit\u00e9 de charge particuli\u00e8rement \u00e9lev\u00e9e. De plus, le cadre se caract\u00e9rise par un sch\u00e9ma de perforation d\u00e9taill\u00e9, ce qui convient en principe tr\u00e8s bien aux carrossiers. Les entra\u00eenements auxiliaires disponibles en usine pour les pompes hydrauliques ou les compresseurs et l&rsquo;interface 24 volts en option compl\u00e8tent la facilit\u00e9 de carrossage du Canter.<\/p>\n<p>es clients profitent quant \u00e0 eux d&rsquo;un traitement simple gr\u00e2ce \u00e0 l&rsquo;option de facturation que FUSO propose pour ses carrosseries d&rsquo;usine. Ce mod\u00e8le de facturation pour les v\u00e9hicules complets carross\u00e9s est \u00e9galement possible par le biais de partenaires de carrossage s\u00e9lectionn\u00e9s, ainsi qu&rsquo;en combinaison avec certains v\u00e9hicules pr\u00e9configur\u00e9s que le client peut acheter enti\u00e8rement chez FUSO.<\/p>\n<p>L&rsquo;exceptionnelle facilit\u00e9 de carrossage du Canter s&rsquo;applique bien entendu aussi au eCanter \u00e0 propulsion enti\u00e8rement \u00e9lectrique, la solution alternative pour un transport sans \u00e9missions locales.[\/vc_column_text][\/vc_column][\/vc_row][vc_row][vc_column]\n                <div class=\"fusoeurope-text-image wpb_content_element  item--image--left \" >\n                    <div class=\"item item--image\">\n                        <img decoding=\"async\" class=\"layout-cover\" src=\"https:\/\/www.fuso-trucks.be\/wp-content\/uploads\/sites\/22\/2022\/08\/af_canter_pritsche.png\" alt=\"\" \/>\n                    <\/div>\n                    <div class=\"item item--text wpb_text_column\">\n                        <h3>LE CANTER.<br \/>\nAVEC PRITSCHE.<\/h3>\n<p>Le Canter et l&rsquo;eCanter \u00e0 plateau constituent une base fonctionnelle lorsqu&rsquo;il s&rsquo;agit de transporter des marchandises de d\u00e9tail. Une caisse \u00e0 plateau peut \u00eatre transform\u00e9e en un v\u00e9hicule polyvalent gr\u00e2ce \u00e0 des compl\u00e9ments tels que des garde-corps, des ridelles rabattables, des supports pour b\u00e2ches ou des rampes d&rsquo;acc\u00e8s. La combinaison suppl\u00e9mentaire avec une grue de chargement, pour laquelle le Canter est bien s\u00fbr \u00e9galement adapt\u00e9, permet un chargement et un d\u00e9chargement ind\u00e9pendants. Le Canter avec plateau en diff\u00e9rentes versions est \u00e9galement disponible en tant que <strong>carrosserie d&rsquo;usine FUSO. <\/strong><\/p>\n\n                    <\/div>\n                <\/div>[vc_empty_space height=\u00a0\u00bb100px\u00a0\u00bb]\n                <div class=\"fusoeurope-text-image wpb_content_element  item--image--right \" >\n                    <div class=\"item item--image\">\n                        <img decoding=\"async\" class=\"layout-cover\" src=\"https:\/\/www.fuso-trucks.be\/wp-content\/uploads\/sites\/22\/2022\/08\/af_canter-kipper.png\" alt=\"\" \/>\n                    <\/div>\n                    <div class=\"item item--text wpb_text_column\">\n                        <h3>LE CANTER.<br \/>\nCOMME CAPTEUR<\/h3>\n<p>Avec une carrosserie \u00e0 benne basculante, le Canter et l&rsquo;eCanter conviennent surtout pour le transport de marchandises en vrac et d&rsquo;autres chargements volumineux. La fonction de basculement sur trois c\u00f4t\u00e9s permet de d\u00e9charger ou de verser facilement \u00e0 gauche, \u00e0 droite ou \u00e0 l&rsquo;arri\u00e8re. Une grue de chargement avec grappin peut \u00eatre ajout\u00e9e si le chargement doit \u00eatre effectu\u00e9 de mani\u00e8re autonome. Le Canter avec benne basculante en diff\u00e9rentes versions est \u00e9galement disponible en tant que <strong>carrosserie d&rsquo;usine FUSO.<\/strong>.<\/p>\n\n                    <\/div>\n                <\/div>[vc_empty_space height=\u00a0\u00bb100px\u00a0\u00bb]\n                <div class=\"fusoeurope-text-image wpb_content_element  item--image--left \" >\n                    <div class=\"item item--image\">\n                        <img decoding=\"async\" class=\"layout-cover\" src=\"https:\/\/www.fuso-trucks.be\/wp-content\/uploads\/sites\/22\/2022\/08\/af_canter-absetzkipper.png\" alt=\"\" \/>\n                    <\/div>\n                    <div class=\"item item--text wpb_text_column\">\n                        <h3>LE CANTER.<br \/>\nCOMME BENNE DE D\u00c9POSE<\/h3>\n<p>En tant que bennes d\u00e9posables pour bennes, le Canter et l&rsquo;eCanter, avec leurs dimensions compactes, sont id\u00e9aux pour une utilisation en ville dans le secteur de la construction et de l&rsquo;\u00e9limination des d\u00e9chets. Leur ch\u00e2ssis en acier offre une base robuste pour le montage du pont de chargement hydraulique. Avec une benne amovible, le Canter est une solution de transport efficace et flexible, car il peut se d\u00e9placer de mani\u00e8re ind\u00e9pendante, tandis que les bennes restent simplement l\u00e0 o\u00f9 elles sont n\u00e9cessaires, aussi longtemps que n\u00e9cessaire.<\/p>\n\n                    <\/div>\n                <\/div>[vc_empty_space height=\u00a0\u00bb100px\u00a0\u00bb]\n                <div class=\"fusoeurope-text-image wpb_content_element  item--image--right \" >\n                    <div class=\"item item--image\">\n                        <img decoding=\"async\" class=\"layout-cover\" src=\"https:\/\/www.fuso-trucks.be\/wp-content\/uploads\/sites\/22\/2022\/08\/af_canter-abrollkipper.png\" alt=\"\" \/>\n                    <\/div>\n                    <div class=\"item item--text wpb_text_column\">\n                        <h3>LE CANTER.<br \/>\nEN TANT QUE BENNE D\u00c9ROULEUSE.<\/h3>\n<p>Comme la benne d\u00e9posable, mais avec un peu plus de flexibilit\u00e9, le Canter et l&rsquo;eCanter transportent, en plus des bennes, des conteneurs et toutes les autres superstructures interchangeables appropri\u00e9es. Le Canter peut ainsi \u00eatre \u00e9quip\u00e9 de diff\u00e9rents conteneurs qui sont simplement et rapidement tir\u00e9s et fix\u00e9s sur le ch\u00e2ssis au moyen d&rsquo;un crochet de levage hydraulique. Il n&rsquo;est donc pas seulement adapt\u00e9 au secteur de la construction et de l&rsquo;\u00e9limination des d\u00e9chets, mais convient aussi parfaitement aux diff\u00e9rentes t\u00e2ches de transport urbain dans les communes ou pour les pompiers et la protection civile.<\/p>\n\n                    <\/div>\n                <\/div>[vc_empty_space height=\u00a0\u00bb100px\u00a0\u00bb]\n                <div class=\"fusoeurope-text-image wpb_content_element  item--image--left \" >\n                    <div class=\"item item--image\">\n                        <img decoding=\"async\" class=\"layout-cover\" src=\"https:\/\/www.fuso-trucks.be\/wp-content\/uploads\/sites\/22\/2022\/08\/af_canter-kofferaufbau.png\" alt=\"\" \/>\n                    <\/div>\n                    <div class=\"item item--text wpb_text_column\">\n                        <h3>LE CANTER.<br \/>\nAVEC STRUCTURE DE VALISE.<\/h3>\n<p>Avec une caisse, le Canter et l&rsquo;eCanter sont la solution de transport pour la distribution en ville et en zone urbaine. Toujours compacts et maniables, ils r\u00e9pondent \u00e0 toutes les exigences gr\u00e2ce \u00e0 leurs diff\u00e9rents tonnages et empattements. En tant que Canter 3,5 T, il offre la plus longue longueur de carrosserie de son segment et les versions les plus volumineuses du Canter permettent, avec un empattement de 4.750 mm, une longueur de carrosserie maximale de 7.210 mm &#8211; ce qui signifie jusqu&rsquo;\u00e0 15 emplacements de palettes \u00e0 part enti\u00e8re.<\/p>\n<p>Des interfaces pr\u00e9par\u00e9es sont disponibles sur demande pour les agr\u00e9gats tels que les plates-formes \u00e9l\u00e9vatrices ou les appareils frigorifiques, et toutes les autres superstructures de cette base, telles que les caisses de boissons, peuvent \u00e9galement \u00eatre r\u00e9alis\u00e9es sur le Canter.<\/p>\n<p>L&rsquo;eCanter est une alternative sans \u00e9missions locales qui a \u00e9t\u00e9 explicitement test\u00e9e et \u00e9prouv\u00e9e dans le domaine de la distribution urbaine.<\/p>\n\n                    <\/div>\n                <\/div>[vc_empty_space height=\u00a0\u00bb100px\u00a0\u00bb]\n                <div class=\"fusoeurope-text-image wpb_content_element  item--image--right \" >\n                    <div class=\"item item--image\">\n                        <img decoding=\"async\" class=\"layout-cover\" src=\"https:\/\/www.fuso-trucks.be\/wp-content\/uploads\/sites\/22\/2022\/08\/af_canter-kommunal.png\" alt=\"\" \/>\n                    <\/div>\n                    <div class=\"item item--text wpb_text_column\">\n                        <h3>LE CANTER.<br \/>\nCOMME V\u00c9HICULE COMMUNAL.<\/h3>\n<p>Le Canter, \u00e9quip\u00e9 d&rsquo;un plateau ou d&rsquo;une benne, couvre d\u00e9j\u00e0 de nombreuses t\u00e2ches de transport dans les communes. Mais c&rsquo;est surtout sa carrosserie en tant que benne basculante qui le rend particuli\u00e8rement variable dans son utilisation.<\/p>\n<p>Dans toutes les variantes, le Canter offre en outre la possibilit\u00e9 d&rsquo;accueillir des \u00e9quipements frontaux. Gr\u00e2ce \u00e0 une plaque communale, il peut par exemple \u00eatre \u00e9quip\u00e9 d&rsquo;une d\u00e9neigeuse pour le service hivernal.<\/p>\n<p>Avec des charges remorquables \u00e9lev\u00e9es, en version double cabine ou en tant que Canter 4&#215;4 avec transmission int\u00e9grale activable, il apporte en principe tout ce qui est n\u00e9cessaire pour une utilisation sp\u00e9cialis\u00e9e et exigeante pour la commune.<\/p>\n\n                    <\/div>\n                <\/div>[vc_empty_space height=\u00a0\u00bb100px\u00a0\u00bb]\n                <div class=\"fusoeurope-text-image wpb_content_element  item--image--left \" >\n                    <div class=\"item item--image\">\n                        <img decoding=\"async\" class=\"layout-cover\" src=\"https:\/\/www.fuso-trucks.be\/wp-content\/uploads\/sites\/22\/2022\/08\/af_canter-entsorgung.png\" alt=\"\" \/>\n                    <\/div>\n                    <div class=\"item item--text wpb_text_column\">\n                        <h3>LE CANTER.<br \/>\nEN TANT QUE PROFESSIONNEL DE L&rsquo;\u00c9LIMINATION.<\/h3>\n<p>Pour le nettoyage et l&rsquo;\u00e9limination des d\u00e9chets sur des surfaces de circulation limit\u00e9es, par exemple dans la vieille ville, les zones pi\u00e9tonnes ou les parcs, il faut un v\u00e9hicule extr\u00eamement compact mais n\u00e9anmoins performant, avec des possibilit\u00e9s d&rsquo;entra\u00eenement de superstructures sp\u00e9ciales. Le Canter peut \u00eatre facilement transform\u00e9 en balayeuse, en collecteur de d\u00e9chets ou en v\u00e9hicule d&rsquo;aspiration et de rin\u00e7age. Il est le v\u00e9hicule de r\u00e9f\u00e9rence dans la cat\u00e9gorie compacte chez diff\u00e9rents carrossiers de renom.<\/p>\n\n                    <\/div>\n                <\/div>[vc_empty_space height=\u00a0\u00bb100px\u00a0\u00bb]\n                <div class=\"fusoeurope-text-image wpb_content_element  item--image--right \" >\n                    <div class=\"item item--image\">\n                        <img decoding=\"async\" class=\"layout-cover\" src=\"https:\/\/www.fuso-trucks.be\/wp-content\/uploads\/sites\/22\/2022\/08\/af_canter-feuerwehr.png\" alt=\"\" \/>\n                    <\/div>\n                    <div class=\"item item--text wpb_text_column\">\n                        <h3>LE CANTER.<br \/>\nCHEZ LES POMPIERS.<\/h3>\n<p>En cas d&rsquo;urgence, chaque centim\u00e8tre compte, c&rsquo;est pourquoi le Canter, en tant que ch\u00e2ssis particuli\u00e8rement compact, est pr\u00e9destin\u00e9 \u00e0 la construction de v\u00e9hicules sp\u00e9ciaux pour les pompiers. En particulier dans sa version 4&#215;4 avec transmission int\u00e9grale activable, il offre tout ce qu&rsquo;un camion lourd peut faire &#8211; mais en \u00e9tant justement l\u00e9ger, agile et maniable. Le Canter r\u00e9pond \u00e0 toutes les exigences normatives pour les v\u00e9hicules de pompiers et les constructeurs sp\u00e9cialis\u00e9s dans la construction de v\u00e9hicules sp\u00e9ciaux r\u00e9alisent sans probl\u00e8me sur lui des v\u00e9hicules d&rsquo;intervention et d&rsquo;extinction enti\u00e8rement \u00e9quip\u00e9s, taill\u00e9s sur mesure pour l&rsquo;aide et le sauvetage dans des rues et ruelles \u00e9troites.<\/p>\n\n                    <\/div>\n                <\/div>[vc_empty_space height=\u00a0\u00bb100px\u00a0\u00bb]\n                <div class=\"fusoeurope-text-image wpb_content_element  item--image--left \" >\n                    <div class=\"item item--image\">\n                        <img decoding=\"async\" class=\"layout-cover\" src=\"https:\/\/www.fuso-trucks.be\/wp-content\/uploads\/sites\/22\/2022\/08\/af_canter-hubsteiger-1.png\" alt=\"\" \/>\n                    <\/div>\n                    <div class=\"item item--text wpb_text_column\">\n                        <h3>LE CANTER.<br \/>\nCOMME \u00c9L\u00c9VATEUR.<\/h3>\n<p>HDevoir monter haut, mais ne pas avoir de place &#8211; le probl\u00e8me quotidien lors d&rsquo;une utilisation d&rsquo;un \u00e9l\u00e9vateur en ville. Ici aussi, le Canter est la solution, car avec un empattement court et une variante de cabine \u00e9troite, il offre la base la plus compacte pour le montage de l&rsquo;\u00e9l\u00e9vateur. Les dimensions du Canter permettent en outre de placer les b\u00e9quilles \u00e0 l&rsquo;int\u00e9rieur des contours du v\u00e9hicule. En tant que Canter 3,5 T, le conducteur n&rsquo;a en outre pas besoin de permis de conduire pour poids lourds.<\/p>\n\n                    <\/div>\n                <\/div>[vc_empty_space height=\u00a0\u00bb100px\u00a0\u00bb]\n                <div class=\"fusoeurope-text-image wpb_content_element  item--image--right \" >\n                    <div class=\"item item--image\">\n                        <img decoding=\"async\" class=\"layout-cover\" src=\"https:\/\/www.fuso-trucks.be\/wp-content\/uploads\/sites\/22\/2022\/08\/af_canter-tankwagen.png\" alt=\"\" \/>\n                    <\/div>\n                    <div class=\"item item--text wpb_text_column\">\n                        <h3>LE CANTER.<br \/>\n\u00c0 L&rsquo;A\u00c9ROPORT.<\/h3>\n<p>M\u00eame pour les multiples t\u00e2ches de transport dans un a\u00e9roport, des dimensions compactes sont souvent requises pour pouvoir se garer particuli\u00e8rement pr\u00e8s des avions, voire sous ceux-ci. Le Canter est donc id\u00e9al comme porteur pour les escaliers d&#8217;embarquement, v\u00e9hicule d&rsquo;aspiration et de rin\u00e7age pour les eaux us\u00e9es de bord, camion-citerne pour l&rsquo;eau douce, distributeur et bien plus encore.<\/p>\n\n                    <\/div>\n                <\/div>[vc_empty_space height=\u00a0\u00bb100px\u00a0\u00bb]\n                <div class=\"fusoeurope-text-image wpb_content_element  item--image--left \" >\n                    <div class=\"item item--image\">\n                        <img decoding=\"async\" class=\"layout-cover\" src=\"https:\/\/www.fuso-trucks.be\/wp-content\/uploads\/sites\/22\/2022\/08\/af_canter-abschlepp.png\" alt=\"\" \/>\n                    <\/div>\n                    <div class=\"item item--text wpb_text_column\">\n                        <h3>LE CANTER.<br \/>\nCOMME V\u00c9HICULE DE REMORQUAGE.<\/h3>\n<p>Avec une benne, des rampes d&rsquo;acc\u00e8s et un treuil, mais aussi avec une superstructure sp\u00e9ciale incluant une lunette de levage, le Canter peut \u00eatre utilis\u00e9 comme v\u00e9hicule de d\u00e9pannage compact et maniable.<\/p>\n\n                    <\/div>\n                <\/div>[\/vc_column][\/vc_row][vc_row full_width=\u00a0\u00bbstretch_row_content_no_spaces\u00a0\u00bb][vc_column][vc_single_image image=\u00a0\u00bb20386&Prime; img_size=\u00a0\u00bbfull\u00a0\u00bb alignment=\u00a0\u00bbcenter\u00a0\u00bb][\/vc_column][\/vc_row][vc_row][vc_column][vc_column_text el_class=\u00a0\u00bbcentered bigger\u00a0\u00bb]<\/p>\n<h2>SOUS GARANTIE.<br \/>\nLES CARROSSERIES D&rsquo;USINE CANTER.<\/h2>\n<p>[\/vc_column_text][vc_column_text]Con\u00e7ues exactement pour le Canter et l&rsquo;eCanter et mont\u00e9es directement dans l&rsquo;usine FUSO de Tramagal au Portugal, les carrosseries d&rsquo;usine du Canter sont la meilleure offre pour les clients qui souhaitent commander leur Canter pr\u00eat \u00e0 l&#8217;emploi aupr\u00e8s d&rsquo;un seul fournisseur.<\/p>\n<p>Depuis 2016, FUSO propose, en collaboration avec un partenaire europ\u00e9en renomm\u00e9 et fiable, ses solutions de carrosserie d&rsquo;usine pour le Canter \u00e0 plateau et le Canter \u00e0 benne basculante dans diff\u00e9rentes variantes. Les experts en carrosserie de FUSO attachent une grande importance au contr\u00f4le continu des normes de qualit\u00e9 et accompagnent le processus de d\u00e9veloppement des carrosseries un \u00e0 un. Il en va de m\u00eame pour les diff\u00e9rentes options d&rsquo;\u00e9quipement qui sont \u00e9galement disponibles d\u00e9part usine. Il s&rsquo;agit par exemple de caisses \u00e0 outils, de porte-outils ou de diff\u00e9rents couvercles fonctionnels qui prot\u00e8gent les pi\u00e8ces du v\u00e9hicule contre l&rsquo;usure, la salet\u00e9, la d\u00e9formation ou les dommages.<\/p>\n<p>Les experts en carrosserie de FUSO peuvent garantir la qualit\u00e9 des superstructures d&rsquo;usine du Canter. C&rsquo;est pourquoi elles sont incluses dans la garantie du v\u00e9hicule.[\/vc_column_text][\/vc_column][\/vc_row][vc_row][vc_column]\n                <div class=\"fusoeurope-text-image wpb_content_element  item--image--left \" >\n                    <div class=\"item item--image\">\n                        <img decoding=\"async\" class=\"layout-cover\" src=\"https:\/\/www.fuso-trucks.be\/wp-content\/uploads\/sites\/22\/2022\/08\/af_vorteile.jpg\" alt=\"\" \/>\n                    <\/div>\n                    <div class=\"item item--text wpb_text_column\">\n                        <h3>LES AVANTAGES DES SUPERSTRUCTURES D&rsquo;USINE CANTER EN UN COUP D&rsquo;\u0152IL:<\/h3>\n<ul>\n<li>Un grand choix de bennes et de carrosseries \u00e0 plateau est disponible.<\/li>\n<li>Les clients re\u00e7oivent un concept de v\u00e9hicule global d\u00e9velopp\u00e9 et test\u00e9 par FUSO pour une qualit\u00e9 maximale.<\/li>\n<li>La garantie de 36 mois d&rsquo;un seul fournisseur sur le ch\u00e2ssis, la cha\u00eene cin\u00e9matique et les composants d\u00e9part usine jusqu&rsquo;\u00e0 100.000 km s&rsquo;\u00e9tend \u00e9galement \u00e0 la carrosserie.<\/li>\n<li>Les pi\u00e8ces de rechange sont disponibles chez le concessionnaire FUSO.<\/li>\n<li>Temps de pr\u00e9paration r\u00e9duit pour l&rsquo;ensemble du v\u00e9hicule.<\/li>\n<li>Des \u00e9quipements sp\u00e9ciaux sont disponibles en option.<\/li>\n<\/ul>\n\n                    <\/div>\n                <\/div>[\/vc_column][\/vc_row][vc_row][vc_column]\n                <div class=\"fusoeurope-text-image wpb_content_element bg--grey item--image--top \" >\n                    <div class=\"item item--image\">\n                        <img decoding=\"async\" class=\"layout-cover\" src=\"https:\/\/www.fuso-trucks.be\/wp-content\/uploads\/sites\/22\/2022\/08\/hero_produkte-1400x934.jpg\" alt=\"\" \/>\n                    <\/div>\n                    <div class=\"item item--text wpb_text_column\">\n                        <h2>DIALOGUE PERMANENT.<br \/>\nLE PORTAIL DES CARROSSIERS FUSO.<\/h2>\n<p style=\"text-align: left;\">Le meilleur service \u00e0 la client\u00e8le est la priorit\u00e9 de FUSO &#8211; c&rsquo;est pourquoi FUSO offre, avec son portail pour carrossiers, un point de contact direct pour les fabricants de superstructures. FUSO les consid\u00e8re en effet comme des clients et des partenaires pr\u00e9cieux.<\/p>\n<p style=\"text-align: left;\">Au sein de son portail pour carrossiers, FUSO met \u00e0 disposition toutes les informations et donn\u00e9es dont un carrossier a besoin lorsqu&rsquo;il planifie pour son client sur et avec un ch\u00e2ssis de Canter ou d&rsquo;eCanter. Le portail contient entre autres des dessins techniques, des sch\u00e9mas \u00e9lectriques, des directives et des prescriptions, des adaptations autoris\u00e9es et des exemples. Toutes les informations peuvent \u00eatre consult\u00e9es et t\u00e9l\u00e9charg\u00e9es.<\/p>\n<p style=\"text-align: left;\">En outre, les fabricants peuvent prendre directement contact avec les experts FUSO en mati\u00e8re de produits et de carrosserie via le portail &#8211; et re\u00e7oivent dans tous les cas une r\u00e9ponse dans les meilleurs d\u00e9lais.<\/p>\n\n                        <div class=\"link-container link-as-button\">\n                            <a href=\"https:\/\/bb-portal.fuso-trucks.com\/fr\/GLOBAL\" target=\"_blank\" class=\"read_more_button\">EN SAVOIR PLUS<\/a>\n                        <\/div>\n                    <\/div>\n                <\/div>[\/vc_column][\/vc_row]<\/p>\n<\/div>","protected":false},"excerpt":{"rendered":"<\/p>\n","protected":false},"author":44,"featured_media":0,"parent":0,"menu_order":0,"comment_status":"closed","ping_status":"closed","template":"templates\/template-default-hero.php","meta":{"_acf_changed":false,"footnotes":""},"class_list":["post-21273","page","type-page","status-publish","hentry"],"acf":[],"yoast_head":"<!-- This site is optimized with the Yoast SEO plugin v27.5 - https:\/\/yoast.com\/product\/yoast-seo-wordpress\/ -->\n<title>FUSO - Facilit\u00e9 de carrossage et structures d&#039;usine<\/title>\n<meta name=\"description\" content=\"Carrosseries d&#039;usine FUSO \u2713 Carrosseries de camion directement \u00e0 partir de l&#039;usine \u2713 Carrosseries pour solutions sectorielles \u2713 Caisses \u2713 Plateau \u2713 \u25b6\ufe0e En savoir plus maintenant !\" \/>\n<meta name=\"robots\" content=\"index, follow, max-snippet:-1, max-image-preview:large, max-video-preview:-1\" \/>\n<link rel=\"canonical\" href=\"https:\/\/www.fuso-trucks.be\/fr\/superstructures\/\" \/>\n<meta property=\"og:locale\" content=\"fr_FR\" \/>\n<meta property=\"og:type\" content=\"article\" \/>\n<meta property=\"og:title\" content=\"FUSO - Facilit\u00e9 de carrossage et structures d&#039;usine\" \/>\n<meta property=\"og:description\" content=\"Carrosseries d&#039;usine FUSO \u2713 Carrosseries de camion directement \u00e0 partir de l&#039;usine \u2713 Carrosseries pour solutions sectorielles \u2713 Caisses \u2713 Plateau \u2713 \u25b6\ufe0e En savoir plus maintenant !\" \/>\n<meta property=\"og:url\" content=\"https:\/\/www.fuso-trucks.be\/fr\/superstructures\/\" \/>\n<meta property=\"og:site_name\" content=\"FUSO Trucks BE\" \/>\n<meta property=\"article:modified_time\" content=\"2023-02-08T18:49:57+00:00\" \/>\n<meta name=\"twitter:card\" content=\"summary_large_image\" \/>\n<meta name=\"twitter:label1\" content=\"Dur\u00e9e de lecture est.\" \/>\n\t<meta name=\"twitter:data1\" content=\"11 minutes\" \/>\n<script type=\"application\/ld+json\" class=\"yoast-schema-graph\">{\"@context\":\"https:\\\/\\\/schema.org\",\"@graph\":[{\"@type\":\"WebPage\",\"@id\":\"https:\\\/\\\/www.fuso-trucks.be\\\/fr\\\/superstructures\\\/\",\"url\":\"https:\\\/\\\/www.fuso-trucks.be\\\/fr\\\/superstructures\\\/\",\"name\":\"FUSO - Facilit\u00e9 de carrossage et structures d'usine\",\"isPartOf\":{\"@id\":\"https:\\\/\\\/www.fuso-trucks.be\\\/fr\\\/#website\"},\"datePublished\":\"2022-10-24T12:46:51+00:00\",\"dateModified\":\"2023-02-08T18:49:57+00:00\",\"description\":\"Carrosseries d'usine FUSO \u2713 Carrosseries de camion directement \u00e0 partir de l'usine \u2713 Carrosseries pour solutions sectorielles \u2713 Caisses \u2713 Plateau \u2713 \u25b6\ufe0e En savoir plus maintenant !\",\"breadcrumb\":{\"@id\":\"https:\\\/\\\/www.fuso-trucks.be\\\/fr\\\/superstructures\\\/#breadcrumb\"},\"inLanguage\":\"fr-BE\",\"potentialAction\":[{\"@type\":\"ReadAction\",\"target\":[\"https:\\\/\\\/www.fuso-trucks.be\\\/fr\\\/superstructures\\\/\"]}]},{\"@type\":\"BreadcrumbList\",\"@id\":\"https:\\\/\\\/www.fuso-trucks.be\\\/fr\\\/superstructures\\\/#breadcrumb\",\"itemListElement\":[{\"@type\":\"ListItem\",\"position\":1,\"name\":\"Home\",\"item\":\"https:\\\/\\\/www.fuso-trucks.be\\\/fr\\\/\"},{\"@type\":\"ListItem\",\"position\":2,\"name\":\"Superstructures\"}]},{\"@type\":\"WebSite\",\"@id\":\"https:\\\/\\\/www.fuso-trucks.be\\\/fr\\\/#website\",\"url\":\"https:\\\/\\\/www.fuso-trucks.be\\\/fr\\\/\",\"name\":\"FUSO Trucks BE\",\"description\":\"\",\"potentialAction\":[{\"@type\":\"SearchAction\",\"target\":{\"@type\":\"EntryPoint\",\"urlTemplate\":\"https:\\\/\\\/www.fuso-trucks.be\\\/fr\\\/?s={search_term_string}\"},\"query-input\":{\"@type\":\"PropertyValueSpecification\",\"valueRequired\":true,\"valueName\":\"search_term_string\"}}],\"inLanguage\":\"fr-BE\"}]}<\/script>\n<!-- \/ Yoast SEO plugin. -->","yoast_head_json":{"title":"FUSO - Facilit\u00e9 de carrossage et structures d'usine","description":"Carrosseries d'usine FUSO \u2713 Carrosseries de camion directement \u00e0 partir de l'usine \u2713 Carrosseries pour solutions sectorielles \u2713 Caisses \u2713 Plateau \u2713 \u25b6\ufe0e En savoir plus maintenant !","robots":{"index":"index","follow":"follow","max-snippet":"max-snippet:-1","max-image-preview":"max-image-preview:large","max-video-preview":"max-video-preview:-1"},"canonical":"https:\/\/www.fuso-trucks.be\/fr\/superstructures\/","og_locale":"fr_FR","og_type":"article","og_title":"FUSO - Facilit\u00e9 de carrossage et structures d'usine","og_description":"Carrosseries d'usine FUSO \u2713 Carrosseries de camion directement \u00e0 partir de l'usine \u2713 Carrosseries pour solutions sectorielles \u2713 Caisses \u2713 Plateau \u2713 \u25b6\ufe0e En savoir plus maintenant !","og_url":"https:\/\/www.fuso-trucks.be\/fr\/superstructures\/","og_site_name":"FUSO Trucks BE","article_modified_time":"2023-02-08T18:49:57+00:00","twitter_card":"summary_large_image","twitter_misc":{"Dur\u00e9e de lecture est.":"11 minutes"},"schema":{"@context":"https:\/\/schema.org","@graph":[{"@type":"WebPage","@id":"https:\/\/www.fuso-trucks.be\/fr\/superstructures\/","url":"https:\/\/www.fuso-trucks.be\/fr\/superstructures\/","name":"FUSO - Facilit\u00e9 de carrossage et structures d'usine","isPartOf":{"@id":"https:\/\/www.fuso-trucks.be\/fr\/#website"},"datePublished":"2022-10-24T12:46:51+00:00","dateModified":"2023-02-08T18:49:57+00:00","description":"Carrosseries d'usine FUSO \u2713 Carrosseries de camion directement \u00e0 partir de l'usine \u2713 Carrosseries pour solutions sectorielles \u2713 Caisses \u2713 Plateau \u2713 \u25b6\ufe0e En savoir plus maintenant !","breadcrumb":{"@id":"https:\/\/www.fuso-trucks.be\/fr\/superstructures\/#breadcrumb"},"inLanguage":"fr-BE","potentialAction":[{"@type":"ReadAction","target":["https:\/\/www.fuso-trucks.be\/fr\/superstructures\/"]}]},{"@type":"BreadcrumbList","@id":"https:\/\/www.fuso-trucks.be\/fr\/superstructures\/#breadcrumb","itemListElement":[{"@type":"ListItem","position":1,"name":"Home","item":"https:\/\/www.fuso-trucks.be\/fr\/"},{"@type":"ListItem","position":2,"name":"Superstructures"}]},{"@type":"WebSite","@id":"https:\/\/www.fuso-trucks.be\/fr\/#website","url":"https:\/\/www.fuso-trucks.be\/fr\/","name":"FUSO Trucks BE","description":"","potentialAction":[{"@type":"SearchAction","target":{"@type":"EntryPoint","urlTemplate":"https:\/\/www.fuso-trucks.be\/fr\/?s={search_term_string}"},"query-input":{"@type":"PropertyValueSpecification","valueRequired":true,"valueName":"search_term_string"}}],"inLanguage":"fr-BE"}]}},"_links":{"self":[{"href":"https:\/\/www.fuso-trucks.be\/fr\/wp-json\/wp\/v2\/pages\/21273","targetHints":{"allow":["GET"]}}],"collection":[{"href":"https:\/\/www.fuso-trucks.be\/fr\/wp-json\/wp\/v2\/pages"}],"about":[{"href":"https:\/\/www.fuso-trucks.be\/fr\/wp-json\/wp\/v2\/types\/page"}],"author":[{"embeddable":true,"href":"https:\/\/www.fuso-trucks.be\/fr\/wp-json\/wp\/v2\/users\/44"}],"replies":[{"embeddable":true,"href":"https:\/\/www.fuso-trucks.be\/fr\/wp-json\/wp\/v2\/comments?post=21273"}],"version-history":[{"count":17,"href":"https:\/\/www.fuso-trucks.be\/fr\/wp-json\/wp\/v2\/pages\/21273\/revisions"}],"predecessor-version":[{"id":27421,"href":"https:\/\/www.fuso-trucks.be\/fr\/wp-json\/wp\/v2\/pages\/21273\/revisions\/27421"}],"wp:attachment":[{"href":"https:\/\/www.fuso-trucks.be\/fr\/wp-json\/wp\/v2\/media?parent=21273"}],"curies":[{"name":"wp","href":"https:\/\/api.w.org\/{rel}","templated":true}]}}